{"id":2,"date":"2017-12-08T18:15:19","date_gmt":"2017-12-08T17:15:19","guid":{"rendered":"http:\/\/geriano.sk\/?page_id=2"},"modified":"2025-01-27T14:39:41","modified_gmt":"2025-01-27T13:39:41","slug":"ukazka-strany","status":"publish","type":"page","link":"http:\/\/geriano.sk\/","title":{"rendered":"O n\u00e1s"},"content":{"rendered":"<a href=\"http:\/\/geriano.sk\/wp-content\/uploads\/2022\/04\/geria-letak-2021-olivove-pozadie.pdf\" class=\"pdfemb-viewer\" style=\"\" data-width=\"max\" data-height=\"max\" data-toolbar=\"bottom\" data-toolbar-fixed=\"off\">geria-letak-2021-olivove-pozadie<\/a>\n<p class=\"wp-block-pdfemb-pdf-embedder-viewer\"><\/p>\n\n\n\n<ul class=\"wp-block-social-links alignleft has-normal-icon-size is-content-justification-right is-layout-flex wp-container-core-social-links-is-layout-765c4724 wp-block-social-links-is-layout-flex\"><li class=\"wp-social-link wp-social-link-facebook  wp-block-social-link\"><a rel=\"noopener nofollow\" target=\"_blank\" href=\"https:\/\/www.facebook.com\/stefan.kires\" class=\"wp-block-social-link-anchor\"><svg width=\"24\" height=\"24\" viewBox=\"0 0 24 24\" version=\"1.1\" xmlns=\"http:\/\/www.w3.org\/2000\/svg\" aria-hidden=\"true\" focusable=\"false\"><path d=\"M12 2C6.5 2 2 6.5 2 12c0 5 3.7 9.1 8.4 9.9v-7H7.9V12h2.5V9.8c0-2.5 1.5-3.9 3.8-3.9 1.1 0 2.2.2 2.2.2v2.5h-1.3c-1.2 0-1.6.8-1.6 1.6V12h2.8l-.4 2.9h-2.3v7C18.3 21.1 22 17 22 12c0-5.5-4.5-10-10-10z\"><\/path><\/svg><span class=\"wp-block-social-link-label screen-reader-text\">Facebook<\/span><\/a><\/li><\/ul>\n\n\n<p style=\"text-align: center;\">N\u00e1\u0161 slogan <em><span style=\"color: #ff0000;\">\u201cKomfort domova v ka\u017edom veku\u201d<\/span><\/em> zosob\u0148uje n\u00e1\u0161 pr\u00eds\u013eub vytvori\u0165 klientom \u201cdomov\u201d so v\u0161etk\u00fdm, \u010do im umo\u017en\u00ed spokojn\u00fd a kvalitn\u00fd \u017eivot.<\/p>\n<hr>\n<p style=\"text-align: center;\">&nbsp; &nbsp; &nbsp; &nbsp; &nbsp; Novovzniknut\u00e9 Zariadenie pre seniorov GERIA ,n. o. vo Vy\u0161nej Jablonke je neziskov\u00e1 organiz\u00e1cia. Zariadenie pre seniorov GERIA, n. o. sa nach\u00e1dza v&nbsp;priestoroch b\u00fdvalej budovy colnej str\u00e1\u017ee T\u00e1to budova pre\u0161la rekon\u0161trukciou vn\u00fatorn\u00fdch priestorov, ktor\u00e9 bolo potrebn\u00e9 upravi\u0165 a prisp\u00f4sobi\u0165 potreb\u00e1m bud\u00facich prij\u00edmate\u013eov.<\/p>\n<p style=\"text-align: center;\"><strong>&nbsp; &nbsp; &nbsp; &nbsp; &nbsp; Prostredie<\/strong><\/p>\n<p style=\"text-align: center;\">&nbsp; &nbsp; &nbsp; &nbsp; &nbsp;Obec Vy\u0161n\u00e1 Jablonka sa nach\u00e1dza na severov\u00fdchode Slovenska v severnej \u010dasti N\u00edzkych Besk\u00fdd v \u00fadol\u00ed Laboreckej vrchoviny v&nbsp;okrese Humenn\u00e9. Obec sa rozprestiera pozd\u013a\u017e toku potoka s n\u00e1zvom RIEKA. Cez obec sa d\u00e1 starou cestou popod po\u013esk\u00e9 hranice dosta\u0165 do obce Osadn\u00e9, v ktorej je aj turistick\u00fd prechod do Po\u013eska. &nbsp;Prostredie vytv\u00e1ra predpoklady pre spokojn\u00e9 b\u00fdvanie&nbsp; na\u0161ich prij\u00edmate\u013eov nebude&nbsp; ich ru\u0161\u00ed, smog, hluk, ruch mesta. M\u00f4\u017eu si u\u017e\u00edva\u0165 pokojn\u00e9 prech\u00e1dzky , \u010di relax v na\u0161om exteri\u00e9ri.<\/p>\n<p style=\"text-align: center;\"><strong>&nbsp; &nbsp; &nbsp; &nbsp; &nbsp; Vybavenie<\/strong><\/p>\n<p style=\"text-align: center;\">&nbsp; &nbsp; &nbsp; &nbsp; &nbsp; Zariadenie s\u00eddli v&nbsp;dvojpodla\u017enej budove v&nbsp;ktorej sa nach\u00e1dza \u00fatuln\u00e9 ubytovanie v jednoposte\u013eov\u00fdch ,dvojposte\u013eov\u00fdch a trojposte\u013eov\u00fdch izb\u00e1ch , spolo\u010densk\u00e1 miestnos\u0165 s TV, kuchy\u0148a,o\u0161etrov\u0148a, bezbari\u00e9rov\u00fd pr\u00edstup, toto v\u0161etko skvalit\u0148uje a spr\u00edjem\u0148uje pobyt prij\u00edmate\u013eov v zariaden\u00ed a vytv\u00e1ra atmosf\u00e9ru ozajstn\u00e9ho domova. \u010cistotu a poriadok zabezpe\u010dujeme v\u010faka vlastnej pr\u00e1\u010dovni. Priestory budovy s\u00fa bezbari\u00e9rov\u00e9 Okolo celej budovy sa nach\u00e1dza ve\u013ek\u00e1 z\u00e1hrada s ovocn\u00fdmi a listnat\u00fdmi stromami, kvetinovou a \u00fa\u017eitkovou z\u00e1hradou. &nbsp;Zariadenie sp\u013a\u0148a v\u0161etky predpoklady, aby sa stalo domovom pre seniorov i \u013eud\u00ed, ktor\u00ed potrebuj\u00fa celodenn\u00fa starostlivos\u0165 a chc\u00fa d\u00f4stojne, harmonicky a plnohodnotne \u017ei\u0165 svoj \u017eivot. Kapacita zariadenia je 21 l\u00f4\u017eok .<\/p>\n<\/p>\n\n\n<ul class=\"wp-block-social-links alignright is-layout-flex wp-block-social-links-is-layout-flex\"><li class=\"wp-social-link wp-social-link-facebook  wp-block-social-link\"><a rel=\"noopener nofollow\" target=\"_blank\" href=\"https:\/\/www.facebook.com\/stefan.kires\" class=\"wp-block-social-link-anchor\"><svg width=\"24\" height=\"24\" viewBox=\"0 0 24 24\" version=\"1.1\" xmlns=\"http:\/\/www.w3.org\/2000\/svg\" aria-hidden=\"true\" focusable=\"false\"><path d=\"M12 2C6.5 2 2 6.5 2 12c0 5 3.7 9.1 8.4 9.9v-7H7.9V12h2.5V9.8c0-2.5 1.5-3.9 3.8-3.9 1.1 0 2.2.2 2.2.2v2.5h-1.3c-1.2 0-1.6.8-1.6 1.6V12h2.8l-.4 2.9h-2.3v7C18.3 21.1 22 17 22 12c0-5.5-4.5-10-10-10z\"><\/path><\/svg><span class=\"wp-block-social-link-label screen-reader-text\">Facebook<\/span><\/a><\/li><\/ul>\n\n\n\n<figure class=\"wp-block-image size-large is-style-rounded\"><img loading=\"lazy\" decoding=\"async\" width=\"1024\" height=\"782\" src=\"https:\/\/geriano.sk\/wp-content\/uploads\/2021\/12\/2-2-1024x782.jpg\" alt=\"\" class=\"wp-image-1745\" srcset=\"http:\/\/geriano.sk\/wp-content\/uploads\/2021\/12\/2-2-1024x782.jpg 1024w, http:\/\/geriano.sk\/wp-content\/uploads\/2021\/12\/2-2-300x229.jpg 300w, http:\/\/geriano.sk\/wp-content\/uploads\/2021\/12\/2-2-768x586.jpg 768w, http:\/\/geriano.sk\/wp-content\/uploads\/2021\/12\/2-2-1536x1173.jpg 1536w, http:\/\/geriano.sk\/wp-content\/uploads\/2021\/12\/2-2-2048x1564.jpg 2048w\" sizes=\"auto, (max-width: 1024px) 100vw, 1024px\" \/><\/figure>\n","protected":false},"excerpt":{"rendered":"<p>N\u00e1\u0161 slogan \u201cKomfort domova v ka\u017edom veku\u201d zosob\u0148uje n\u00e1\u0161 pr\u00eds\u013eub vytvori\u0165 klientom \u201cdomov\u201d so v\u0161etk\u00fdm, \u010do im umo\u017en\u00ed spokojn\u00fd a[&#8230;]<\/p>\n","protected":false},"author":1,"featured_media":0,"parent":0,"menu_order":0,"comment_status":"closed","ping_status":"open","template":"","meta":{"footnotes":""},"class_list":["post-2","page","type-page","status-publish","hentry"],"_links":{"self":[{"href":"http:\/\/geriano.sk\/index.php?rest_route=\/wp\/v2\/pages\/2","targetHints":{"allow":["GET"]}}],"collection":[{"href":"http:\/\/geriano.sk\/index.php?rest_route=\/wp\/v2\/pages"}],"about":[{"href":"http:\/\/geriano.sk\/index.php?rest_route=\/wp\/v2\/types\/page"}],"author":[{"embeddable":true,"href":"http:\/\/geriano.sk\/index.php?rest_route=\/wp\/v2\/users\/1"}],"replies":[{"embeddable":true,"href":"http:\/\/geriano.sk\/index.php?rest_route=%2Fwp%2Fv2%2Fcomments&post=2"}],"version-history":[{"count":6,"href":"http:\/\/geriano.sk\/index.php?rest_route=\/wp\/v2\/pages\/2\/revisions"}],"predecessor-version":[{"id":3192,"href":"http:\/\/geriano.sk\/index.php?rest_route=\/wp\/v2\/pages\/2\/revisions\/3192"}],"wp:attachment":[{"href":"http:\/\/geriano.sk\/index.php?rest_route=%2Fwp%2Fv2%2Fmedia&parent=2"}],"curies":[{"name":"wp","href":"https:\/\/api.w.org\/{rel}","templated":true}]}}